{"id":257284,"date":"2025-12-11T22:15:16","date_gmt":"2025-12-11T21:15:16","guid":{"rendered":"http:\/\/herder.nl\/herder-erbe\/"},"modified":"2026-02-27T19:59:21","modified_gmt":"2026-02-27T18:59:21","slug":"herder-erbe","status":"publish","type":"page","link":"https:\/\/herder.nl\/de\/herder-erbe\/","title":{"rendered":"Herder Erbe"},"content":{"rendered":"\t\t<div data-elementor-type=\"wp-page\" data-elementor-id=\"257284\" class=\"elementor elementor-257284 elementor-257278\" data-elementor-post-type=\"page\">\n\t\t\t\t<div data-section-luminosity=\"dark\" data-custom-animations=\"true\" data-ca-options=\"{&quot;addChildTimelines&quot;:false,&quot;trigger&quot;:&quot;firstChild&quot;,&quot;animationTarget&quot;:&quot;:scope .e-con-inner &gt; .elementor-element:not(.lqd-exclude-parent-ca) &gt; .elementor-widget-container, :scope .e-con-inner &gt; .elementor-widget-hub_fancy_heading .lqd-split-lines .lqd-lines .split-inner, :scope .e-con-inner &gt; .elementor-widget-hub_fancy_heading .lqd-split-words .lqd-words .split-inner, :scope .e-con-inner &gt; .elementor-widget-hub_fancy_heading .lqd-split-chars .lqd-chars .split-inner, :scope .e-con-inner &gt; .elementor-widget-hub_fancy_heading .lqd-adv-txt-fig, :scope .e-con-inner &gt; .elementor-widget-ld_custom_menu .lqd-fancy-menu &gt; ul &gt; li, :scope .e-con:not([data-parallax]) .elementor-element &gt; .elementor-widget-container, :scope .e-con:not([data-parallax]) .elementor-widget-hub_fancy_heading .lqd-split-lines .lqd-lines .split-inner, :scope .e-con:not([data-parallax]) .elementor-widget-hub_fancy_heading .lqd-split-words .lqd-words .split-inner, :scope .e-con:not([data-parallax]) .elementor-widget-hub_fancy_heading .lqd-split-chars .lqd-chars .split-inner, :scope .e-con:not([data-parallax]) .elementor-widget-ld_custom_menu .lqd-fancy-menu &gt; ul &gt; li&quot;,&quot;ease&quot;:[&quot;power4.out&quot;],&quot;initValues&quot;:{&quot;opacity&quot;:0,&quot;transformOrigin&quot;:&quot;50% 50% 0px&quot;},&quot;animations&quot;:{&quot;opacity&quot;:1,&quot;transformOrigin&quot;:&quot;50% 50% 0px&quot;}}\" class=\"elementor-element elementor-element-1971374a e-flex e-con-boxed e-con e-parent\" data-id=\"1971374a\" data-element_type=\"container\" data-e-type=\"container\" data-settings=\"{&quot;background_background&quot;:&quot;classic&quot;}\">\n\t\t\t\t\t<div class=\"e-con-inner\">\n\t\t<div class=\"elementor-element elementor-element-34d9bbdd e-con-full e-flex e-con e-child\" data-id=\"34d9bbdd\" data-element_type=\"container\" data-e-type=\"container\">\n\t\t\t\t<div class=\"elementor-element elementor-element-4acbdbe8 elementor-widget elementor-widget-ld_fancy_image\" data-id=\"4acbdbe8\" data-element_type=\"widget\" data-e-type=\"widget\" data-widget_type=\"ld_fancy_image.default\">\n\t\t\t\t<div class=\"elementor-widget-container\">\n\t\t\t\t\t\n\t\t<div class=\"lqd-imggrp-single d-block pos-rel \" data-shadow-style=\"2\">\n\t\t\t<div class=\"lqd-imggrp-img-container d-inline-flex pos-rel align-items-center justify-content-center \">\n\t\t\t\t\t\t\t\t<figure class=\"w-100 pos-rel\">\n\t\t\t\t\t<img decoding=\"async\" src=\"http:\/\/herder.nl\/wp-content\/uploads\/2025\/09\/herder-logo-white.png\" title=\"\" alt=\"\" loading=\"lazy\" \/>\t\t\t\t\t\t\t\t\t\t\t\t\t\t\t\t\t\t\t\t\t\t\t\t\t\t\t\t\t<\/figure>\n\t\t\t<\/div>\n\t\t<\/div>\n\n\t\t\t\t\t<\/div>\n\t\t\t\t<\/div>\n\t\t\t\t<div class=\"elementor-element elementor-element-2e00165 elementor-widget elementor-widget-hub_fancy_heading\" data-id=\"2e00165\" data-element_type=\"widget\" data-e-type=\"widget\" data-widget_type=\"hub_fancy_heading.default\">\n\t\t\t\t<div class=\"elementor-widget-container\">\n\t\t\t\t\t\n\t\t<div id=\"ld-fancy-heading-69f0e0b2100b8\" class=\"ld-fancy-heading pos-rel\">\n\t\t\t<h2 class=\"ld-fh-element d-inline-block pos-rel  elementor-heading-title lqd-highlight-classic lqd-highlight-grow-left h2\"  > Geschichte von Herder (1947 \u2013 heute)<\/h2>\t\t<\/div>\n\n\t\t\t\t\t\t<\/div>\n\t\t\t\t<\/div>\n\t\t\t\t<\/div>\n\t\t\t\t\t<\/div>\n\t\t\t\t<\/div>\n\t\t<div class=\"elementor-element elementor-element-26f684af e-flex e-con-boxed e-con e-parent\" data-id=\"26f684af\" data-element_type=\"container\" data-e-type=\"container\" data-settings=\"{&quot;background_background&quot;:&quot;classic&quot;}\">\n\t\t\t\t\t<div class=\"e-con-inner\">\n\t\t\t\t<div class=\"elementor-element elementor-element-5d2e8a1c elementor-widget elementor-widget-timeline-widget-addon\" data-id=\"5d2e8a1c\" data-element_type=\"widget\" data-e-type=\"widget\" data-widget_type=\"timeline-widget-addon.default\">\n\t\t\t\t<div class=\"elementor-widget-container\">\n\t\t\t\t\t<!-- ========= Timeline Widget Pro For Elementor 2.5.1 ========= --><div id=\"twae-wrapper-5d2e8a1c\" class=\"twae-vertical twae-wrapper twae-both-sided style-1 twae-bg-simple twae-label-content-top\" data-style=\"style-1\" data-enable-popup=\"no\">    <div class=\"twae-start\"><\/div>    <div class=\"twae-line twae-timeline twae-compact\" ><div id=\"twae-9977e1f\" class=\"twae-story elementor-repeater-item-9977e1f twae-repeater-item twae-story-right twae-story-icon\"><div class=\"twae-icon\"><svg aria-hidden=\"true\" class=\"e-font-icon-svg e-far-clock\" viewBox=\"0 0 512 512\" xmlns=\"http:\/\/www.w3.org\/2000\/svg\"><path d=\"M256 8C119 8 8 119 8 256s111 248 248 248 248-111 248-248S393 8 256 8zm0 448c-110.5 0-200-89.5-200-200S145.5 56 256 56s200 89.5 200 200-89.5 200-200 200zm61.8-104.4l-84.9-61.7c-3.1-2.3-4.9-5.9-4.9-9.7V116c0-6.6 5.4-12 12-12h32c6.6 0 12 5.4 12 12v141.7l66.8 48.6c5.4 3.9 6.5 11.4 2.6 16.8L334.6 349c-3.9 5.3-11.4 6.5-16.8 2.6z\"><\/path><\/svg><\/div><div class=\"twae-arrow-line\" ><\/div><div class=\"twae-content\"  data-aos=\"none\"><div class=\"twae-labels \" data-aos=\"none\"><div class=\"twae-label-big\">1947<\/div><\/div><div class=\"twae-title\">Die Urspr\u00fcnge<\/div><div class=\"twae-media full\"><a class=\"wplightbox\" href=\"https:\/\/herder.nl\/wp-content\/uploads\/2025\/11\/1947-Origin-baas-piet-en-jo-jaren-50.jpg\"><img fetchpriority=\"high\" decoding=\"async\" width=\"900\" height=\"650\" src=\"https:\/\/herder.nl\/wp-content\/uploads\/2025\/11\/1947-Origin-baas-piet-en-jo-jaren-50.jpg\" class=\"attachment-full size-full\" alt=\"1947 Origin baas piet en jo jaren\" srcset=\"https:\/\/herder.nl\/wp-content\/uploads\/2025\/11\/1947-Origin-baas-piet-en-jo-jaren-50.jpg 900w, https:\/\/herder.nl\/wp-content\/uploads\/2025\/11\/1947-Origin-baas-piet-en-jo-jaren-50-300x217.jpg 300w\" sizes=\"(max-width: 900px) 100vw, 900px\" \/><\/a><\/div><div class=\"twae-description\"><p>Die Geschichte von Herder beginnt 1947, als Jo den Herder einen Spritzwagen f\u00fcr den Pflanzenanbau entwickelt. Zusammen mit seinem Bruder Piet gr\u00fcndet er das Unternehmen Loonbedrijf Gebr. Den Herder. Ihre praktische Erfahrung f\u00fchrt schnell zu einem Bedarf an intelligenten mechanischen L\u00f6sungen f\u00fcr die Vegetations- und Grabenpflege.<\/p><\/div><\/div><\/div><div id=\"twae-8c4dfeb\" class=\"twae-story elementor-repeater-item-8c4dfeb twae-repeater-item twae-story-left twae-story-icon\"><div class=\"twae-icon\"><svg aria-hidden=\"true\" class=\"e-font-icon-svg e-far-clock\" viewBox=\"0 0 512 512\" xmlns=\"http:\/\/www.w3.org\/2000\/svg\"><path d=\"M256 8C119 8 8 119 8 256s111 248 248 248 248-111 248-248S393 8 256 8zm0 448c-110.5 0-200-89.5-200-200S145.5 56 256 56s200 89.5 200 200-89.5 200-200 200zm61.8-104.4l-84.9-61.7c-3.1-2.3-4.9-5.9-4.9-9.7V116c0-6.6 5.4-12 12-12h32c6.6 0 12 5.4 12 12v141.7l66.8 48.6c5.4 3.9 6.5 11.4 2.6 16.8L334.6 349c-3.9 5.3-11.4 6.5-16.8 2.6z\"><\/path><\/svg><\/div><div class=\"twae-arrow-line\" ><\/div><div class=\"twae-content\"  data-aos=\"none\"><div class=\"twae-labels \" data-aos=\"none\"><div class=\"twae-label-big\">1963<\/div><\/div><div class=\"twae-title\">Der Durchbruch des M\u00e4hkorbs<\/div><div class=\"twae-media full\"><a class=\"wplightbox\" href=\"https:\/\/herder.nl\/wp-content\/uploads\/2026\/02\/1963-3.jpg\"><img decoding=\"async\" width=\"540\" height=\"352\" src=\"https:\/\/herder.nl\/wp-content\/uploads\/2026\/02\/1963-3.jpg\" class=\"attachment-full size-full\" alt=\"\" srcset=\"https:\/\/herder.nl\/wp-content\/uploads\/2026\/02\/1963-3.jpg 540w, https:\/\/herder.nl\/wp-content\/uploads\/2026\/02\/1963-3-300x196.jpg 300w\" sizes=\"(max-width: 540px) 100vw, 540px\" \/><\/a><\/div><div class=\"twae-description\"><p>1963 f\u00fchrt Herder den M\u00e4hkorb ein, eine revolution\u00e4re Erfindung zur effizienten Entfernung von Schilf und Wasserpflanzen aus landwirtschaftlichen Gr\u00e4ben. Nach dem Verbot chemischer Spritzmittel steigt die Nachfrage rapide an. Das Patent auf diesen M\u00e4hkorb markiert den Beginn der Herder Maschinenfabrik, die sich auf M\u00e4hk\u00f6rbe und traktorbasierte Maschinen konzentriert.<\/p><\/div><\/div><\/div><div id=\"twae-7a32801\" class=\"twae-story elementor-repeater-item-7a32801 twae-repeater-item twae-story-right twae-story-icon\"><div class=\"twae-icon\"><svg aria-hidden=\"true\" class=\"e-font-icon-svg e-far-clock\" viewBox=\"0 0 512 512\" xmlns=\"http:\/\/www.w3.org\/2000\/svg\"><path d=\"M256 8C119 8 8 119 8 256s111 248 248 248 248-111 248-248S393 8 256 8zm0 448c-110.5 0-200-89.5-200-200S145.5 56 256 56s200 89.5 200 200-89.5 200-200 200zm61.8-104.4l-84.9-61.7c-3.1-2.3-4.9-5.9-4.9-9.7V116c0-6.6 5.4-12 12-12h32c6.6 0 12 5.4 12 12v141.7l66.8 48.6c5.4 3.9 6.5 11.4 2.6 16.8L334.6 349c-3.9 5.3-11.4 6.5-16.8 2.6z\"><\/path><\/svg><\/div><div class=\"twae-arrow-line\" ><\/div><div class=\"twae-content\"  data-aos=\"none\"><div class=\"twae-labels \" data-aos=\"none\"><div class=\"twae-label-big\">1964<\/div><\/div><div class=\"twae-title\">Patentierter M\u00e4hkorb<\/div><div class=\"twae-media full\"><a class=\"wplightbox\" href=\"https:\/\/herder.nl\/wp-content\/uploads\/2025\/11\/1964-First-Mowing-Bucket.jpg\"><img decoding=\"async\" width=\"900\" height=\"637\" src=\"https:\/\/herder.nl\/wp-content\/uploads\/2025\/11\/1964-First-Mowing-Bucket.jpg\" class=\"attachment-full size-full\" alt=\"1964 first mowing bucket\" srcset=\"https:\/\/herder.nl\/wp-content\/uploads\/2025\/11\/1964-First-Mowing-Bucket.jpg 900w, https:\/\/herder.nl\/wp-content\/uploads\/2025\/11\/1964-First-Mowing-Bucket-300x212.jpg 300w, https:\/\/herder.nl\/wp-content\/uploads\/2025\/11\/1964-First-Mowing-Bucket-720x510.jpg 720w\" sizes=\"(max-width: 900px) 100vw, 900px\" \/><\/a><\/div><div class=\"twae-description\"><p>Internationaler Durchbruch mit dem patentierten M\u00e4hkorb, der Herder als innovative Kraft etablierte.<\/p><\/div><\/div><\/div><div id=\"twae-15722cc\" class=\"twae-story elementor-repeater-item-15722cc twae-repeater-item twae-story-left twae-story-icon\"><div class=\"twae-icon\"><svg aria-hidden=\"true\" class=\"e-font-icon-svg e-far-clock\" viewBox=\"0 0 512 512\" xmlns=\"http:\/\/www.w3.org\/2000\/svg\"><path d=\"M256 8C119 8 8 119 8 256s111 248 248 248 248-111 248-248S393 8 256 8zm0 448c-110.5 0-200-89.5-200-200S145.5 56 256 56s200 89.5 200 200-89.5 200-200 200zm61.8-104.4l-84.9-61.7c-3.1-2.3-4.9-5.9-4.9-9.7V116c0-6.6 5.4-12 12-12h32c6.6 0 12 5.4 12 12v141.7l66.8 48.6c5.4 3.9 6.5 11.4 2.6 16.8L334.6 349c-3.9 5.3-11.4 6.5-16.8 2.6z\"><\/path><\/svg><\/div><div class=\"twae-arrow-line\" ><\/div><div class=\"twae-content\"  data-aos=\"none\"><div class=\"twae-labels \" data-aos=\"none\"><div class=\"twae-label-big\">1965<\/div><\/div><div class=\"twae-title\">Herder MB Arm<\/div><div class=\"twae-media full\"><a class=\"wplightbox\" href=\"https:\/\/herder.nl\/wp-content\/uploads\/2025\/11\/1965-MB-arm-2.jpg\"><img loading=\"lazy\" decoding=\"async\" width=\"900\" height=\"643\" src=\"https:\/\/herder.nl\/wp-content\/uploads\/2025\/11\/1965-MB-arm-2.jpg\" class=\"attachment-full size-full\" alt=\"1965 Herder MB Arm\" srcset=\"https:\/\/herder.nl\/wp-content\/uploads\/2025\/11\/1965-MB-arm-2.jpg 900w, https:\/\/herder.nl\/wp-content\/uploads\/2025\/11\/1965-MB-arm-2-300x214.jpg 300w\" sizes=\"(max-width: 900px) 100vw, 900px\" \/><\/a><\/div><div class=\"twae-description\"><p>Im Jahr 1965 folgt ein weiterer Meilenstein: die Einf\u00fchrung eines seitlich montierten Auslegers am Traktor, der es erm\u00f6glicht, Schnittgut direkt neben dem Graben abzuladen. Der Herder MB-Ausleger ist geboren \u2013 das Fundament der modernen Auslegerarmtechnologie.<\/p><\/div><\/div><\/div><div id=\"twae-896e72f\" class=\"twae-story elementor-repeater-item-896e72f twae-repeater-item twae-story-right twae-story-icon\"><div class=\"twae-icon\"><svg aria-hidden=\"true\" class=\"e-font-icon-svg e-far-clock\" viewBox=\"0 0 512 512\" xmlns=\"http:\/\/www.w3.org\/2000\/svg\"><path d=\"M256 8C119 8 8 119 8 256s111 248 248 248 248-111 248-248S393 8 256 8zm0 448c-110.5 0-200-89.5-200-200S145.5 56 256 56s200 89.5 200 200-89.5 200-200 200zm61.8-104.4l-84.9-61.7c-3.1-2.3-4.9-5.9-4.9-9.7V116c0-6.6 5.4-12 12-12h32c6.6 0 12 5.4 12 12v141.7l66.8 48.6c5.4 3.9 6.5 11.4 2.6 16.8L334.6 349c-3.9 5.3-11.4 6.5-16.8 2.6z\"><\/path><\/svg><\/div><div class=\"twae-arrow-line\" ><\/div><div class=\"twae-content\"  data-aos=\"none\"><div class=\"twae-labels \" data-aos=\"none\"><div class=\"twae-label-big\">1975<\/div><\/div><div class=\"twae-title\">Wachstum und Professionalisierung<\/div><div class=\"twae-media full\"><a class=\"wplightbox\" href=\"https:\/\/herder.nl\/wp-content\/uploads\/2025\/11\/1975-relocation-to-Grenadierweg.jpg\"><img loading=\"lazy\" decoding=\"async\" width=\"900\" height=\"664\" src=\"https:\/\/herder.nl\/wp-content\/uploads\/2025\/11\/1975-relocation-to-Grenadierweg.jpg\" class=\"attachment-full size-full\" alt=\"1975 relocation to Grenadierweg\" srcset=\"https:\/\/herder.nl\/wp-content\/uploads\/2025\/11\/1975-relocation-to-Grenadierweg.jpg 900w, https:\/\/herder.nl\/wp-content\/uploads\/2025\/11\/1975-relocation-to-Grenadierweg-300x221.jpg 300w\" sizes=\"(max-width: 900px) 100vw, 900px\" \/><\/a><\/div><div class=\"twae-description\"><p>Herder verlegt seinen Standort an den Grenadierweg in Middelburg, wo eine neue Produktionsst\u00e4tte er\u00f6ffnet wird. Die Nachfrage nach Auslegern steigt weiter, und der MB-Arm wird weiterentwickelt und optimiert.<\/p><\/div><\/div><\/div><div id=\"twae-24c433e\" class=\"twae-story elementor-repeater-item-24c433e twae-repeater-item twae-story-left twae-story-icon\"><div class=\"twae-icon\"><svg aria-hidden=\"true\" class=\"e-font-icon-svg e-far-clock\" viewBox=\"0 0 512 512\" xmlns=\"http:\/\/www.w3.org\/2000\/svg\"><path d=\"M256 8C119 8 8 119 8 256s111 248 248 248 248-111 248-248S393 8 256 8zm0 448c-110.5 0-200-89.5-200-200S145.5 56 256 56s200 89.5 200 200-89.5 200-200 200zm61.8-104.4l-84.9-61.7c-3.1-2.3-4.9-5.9-4.9-9.7V116c0-6.6 5.4-12 12-12h32c6.6 0 12 5.4 12 12v141.7l66.8 48.6c5.4 3.9 6.5 11.4 2.6 16.8L334.6 349c-3.9 5.3-11.4 6.5-16.8 2.6z\"><\/path><\/svg><\/div><div class=\"twae-arrow-line\" ><\/div><div class=\"twae-content\"  data-aos=\"none\"><div class=\"twae-labels \" data-aos=\"none\"><div class=\"twae-label-big\">1983<\/div><\/div><div class=\"twae-title\">Unternehmensexpansion<\/div><div class=\"twae-media full\"><a class=\"wplightbox\" href=\"https:\/\/herder.nl\/wp-content\/uploads\/2025\/11\/1983-Expansion-1000-ste-machine.jpg\"><img loading=\"lazy\" decoding=\"async\" width=\"900\" height=\"667\" src=\"https:\/\/herder.nl\/wp-content\/uploads\/2025\/11\/1983-Expansion-1000-ste-machine.jpg\" class=\"attachment-full size-full\" alt=\"1983 Expansion\" srcset=\"https:\/\/herder.nl\/wp-content\/uploads\/2025\/11\/1983-Expansion-1000-ste-machine.jpg 900w, https:\/\/herder.nl\/wp-content\/uploads\/2025\/11\/1983-Expansion-1000-ste-machine-300x222.jpg 300w\" sizes=\"(max-width: 900px) 100vw, 900px\" \/><\/a><\/div><div class=\"twae-description\"><p>1983 wird die Fabrik erneut erweitert, um mit der steigenden Nachfrage Schritt zu halten.<\/p><\/div><\/div><\/div><div id=\"twae-7695c3b\" class=\"twae-story elementor-repeater-item-7695c3b twae-repeater-item twae-story-right twae-story-icon\"><div class=\"twae-icon\"><svg aria-hidden=\"true\" class=\"e-font-icon-svg e-far-clock\" viewBox=\"0 0 512 512\" xmlns=\"http:\/\/www.w3.org\/2000\/svg\"><path d=\"M256 8C119 8 8 119 8 256s111 248 248 248 248-111 248-248S393 8 256 8zm0 448c-110.5 0-200-89.5-200-200S145.5 56 256 56s200 89.5 200 200-89.5 200-200 200zm61.8-104.4l-84.9-61.7c-3.1-2.3-4.9-5.9-4.9-9.7V116c0-6.6 5.4-12 12-12h32c6.6 0 12 5.4 12 12v141.7l66.8 48.6c5.4 3.9 6.5 11.4 2.6 16.8L334.6 349c-3.9 5.3-11.4 6.5-16.8 2.6z\"><\/path><\/svg><\/div><div class=\"twae-arrow-line\" ><\/div><div class=\"twae-content\"  data-aos=\"none\"><div class=\"twae-labels \" data-aos=\"none\"><div class=\"twae-label-big\">1986<\/div><\/div><div class=\"twae-title\">Grenadier eingef\u00fchrt<\/div><div class=\"twae-media full\"><a class=\"wplightbox\" href=\"https:\/\/herder.nl\/wp-content\/uploads\/2025\/12\/Herder-Grenadier-Introductie-2.jpg\"><img loading=\"lazy\" decoding=\"async\" width=\"1749\" height=\"1194\" src=\"https:\/\/herder.nl\/wp-content\/uploads\/2025\/12\/Herder-Grenadier-Introductie-2.jpg\" class=\"attachment-full size-full\" alt=\"\" srcset=\"https:\/\/herder.nl\/wp-content\/uploads\/2025\/12\/Herder-Grenadier-Introductie-2.jpg 1749w, https:\/\/herder.nl\/wp-content\/uploads\/2025\/12\/Herder-Grenadier-Introductie-2-300x205.jpg 300w, https:\/\/herder.nl\/wp-content\/uploads\/2025\/12\/Herder-Grenadier-Introductie-2-1024x699.jpg 1024w, https:\/\/herder.nl\/wp-content\/uploads\/2025\/12\/Herder-Grenadier-Introductie-2-1536x1049.jpg 1536w, https:\/\/herder.nl\/wp-content\/uploads\/2025\/12\/Herder-Grenadier-Introductie-2-748x512.jpg 748w, https:\/\/herder.nl\/wp-content\/uploads\/2025\/12\/Herder-Grenadier-Introductie-2-760x520.jpg 760w\" sizes=\"(max-width: 1749px) 100vw, 1749px\" \/><\/a><\/div><div class=\"twae-description\"><p>1986 wird der Grenadier eingef\u00fchrt \u2013 ein vielseitiger und leistungsstarker Ger\u00e4tetr\u00e4ger, der weltweit bekannt wird. \u00dcber 15 Anbauger\u00e4te k\u00f6nnen montiert werden, die die Pflege von B\u00f6schungen, Gr\u00e4ben und Vegetation unterst\u00fctzen.<\/p><\/div><\/div><\/div><div id=\"twae-da60d56\" class=\"twae-story elementor-repeater-item-da60d56 twae-repeater-item twae-story-left twae-story-icon\"><div class=\"twae-icon\"><svg aria-hidden=\"true\" class=\"e-font-icon-svg e-far-clock\" viewBox=\"0 0 512 512\" xmlns=\"http:\/\/www.w3.org\/2000\/svg\"><path d=\"M256 8C119 8 8 119 8 256s111 248 248 248 248-111 248-248S393 8 256 8zm0 448c-110.5 0-200-89.5-200-200S145.5 56 256 56s200 89.5 200 200-89.5 200-200 200zm61.8-104.4l-84.9-61.7c-3.1-2.3-4.9-5.9-4.9-9.7V116c0-6.6 5.4-12 12-12h32c6.6 0 12 5.4 12 12v141.7l66.8 48.6c5.4 3.9 6.5 11.4 2.6 16.8L334.6 349c-3.9 5.3-11.4 6.5-16.8 2.6z\"><\/path><\/svg><\/div><div class=\"twae-arrow-line\" ><\/div><div class=\"twae-content\"  data-aos=\"none\"><div class=\"twae-labels \" data-aos=\"none\"><div class=\"twae-label-big\">1987<\/div><\/div><div class=\"twae-title\">Meilensteinproduktion und neue Maschinengenerationen<\/div><div class=\"twae-media full\"><a class=\"wplightbox\" href=\"https:\/\/herder.nl\/wp-content\/uploads\/2025\/11\/1987-2000ste-machine.jpg\"><img loading=\"lazy\" decoding=\"async\" width=\"900\" height=\"645\" src=\"https:\/\/herder.nl\/wp-content\/uploads\/2025\/11\/1987-2000ste-machine.jpg\" class=\"attachment-full size-full\" alt=\"\" srcset=\"https:\/\/herder.nl\/wp-content\/uploads\/2025\/11\/1987-2000ste-machine.jpg 900w, https:\/\/herder.nl\/wp-content\/uploads\/2025\/11\/1987-2000ste-machine-300x215.jpg 300w\" sizes=\"(max-width: 900px) 100vw, 900px\" \/><\/a><\/div><div class=\"twae-description\"><p>1987 rollt die 1.500ste Herder-Maschine aus dem Werk, schnell gefolgt von der 2.000sten. Dies unterstreicht Herders internationales Wachstum und seine technologische F\u00fchrung.<br \/>Neue Maschinengenerationen folgen:<\/p><ul><li><strong>Cavalier<\/strong> \u2013 kompakt, leicht und flexibel.<\/li><li><strong>Musketier<\/strong> \u2013 stark in der Stra\u00dfenrandpflege, ausgestattet mit dem automatischen Nivotronic-System zur Bodenanpassung des M\u00e4hkopfes.<\/li><\/ul><\/div><\/div><\/div><div id=\"twae-d5d3928\" class=\"twae-story elementor-repeater-item-d5d3928 twae-repeater-item twae-story-right twae-story-icon\"><div class=\"twae-icon\"><svg aria-hidden=\"true\" class=\"e-font-icon-svg e-far-clock\" viewBox=\"0 0 512 512\" xmlns=\"http:\/\/www.w3.org\/2000\/svg\"><path d=\"M256 8C119 8 8 119 8 256s111 248 248 248 248-111 248-248S393 8 256 8zm0 448c-110.5 0-200-89.5-200-200S145.5 56 256 56s200 89.5 200 200-89.5 200-200 200zm61.8-104.4l-84.9-61.7c-3.1-2.3-4.9-5.9-4.9-9.7V116c0-6.6 5.4-12 12-12h32c6.6 0 12 5.4 12 12v141.7l66.8 48.6c5.4 3.9 6.5 11.4 2.6 16.8L334.6 349c-3.9 5.3-11.4 6.5-16.8 2.6z\"><\/path><\/svg><\/div><div class=\"twae-arrow-line\" ><\/div><div class=\"twae-content\"  data-aos=\"none\"><div class=\"twae-labels \" data-aos=\"none\"><div class=\"twae-label-big\">1997<\/div><\/div><div class=\"twae-title\">Anerkennung &amp; Innovation<\/div><div class=\"twae-media full\"><a class=\"wplightbox\" href=\"https:\/\/herder.nl\/wp-content\/uploads\/2025\/11\/1997-prins-claus-Koning-Willem-I-plaquette-1.jpg\"><img loading=\"lazy\" decoding=\"async\" width=\"900\" height=\"615\" src=\"https:\/\/herder.nl\/wp-content\/uploads\/2025\/11\/1997-prins-claus-Koning-Willem-I-plaquette-1.jpg\" class=\"attachment-full size-full\" alt=\"\" srcset=\"https:\/\/herder.nl\/wp-content\/uploads\/2025\/11\/1997-prins-claus-Koning-Willem-I-plaquette-1.jpg 900w, https:\/\/herder.nl\/wp-content\/uploads\/2025\/11\/1997-prins-claus-Koning-Willem-I-plaquette-1-300x205.jpg 300w, https:\/\/herder.nl\/wp-content\/uploads\/2025\/11\/1997-prins-claus-Koning-Willem-I-plaquette-1-748x512.jpg 748w, https:\/\/herder.nl\/wp-content\/uploads\/2025\/11\/1997-prins-claus-Koning-Willem-I-plaquette-1-760x520.jpg 760w\" sizes=\"(max-width: 900px) 100vw, 900px\" \/><\/a><\/div><div class=\"twae-description\"><p>Im Jahr 1997 erh\u00e4lt Herder die prestigetr\u00e4chtige Koning Willem I Plaquette in der Kategorie Umwelt und Energie \u2013 eine Anerkennung f\u00fcr Innovation, Nachhaltigkeit und Branchenauswirkung.<\/p><\/div><\/div><\/div><div id=\"twae-a15e543\" class=\"twae-story elementor-repeater-item-a15e543 twae-repeater-item twae-story-left twae-story-icon\"><div class=\"twae-icon\"><svg aria-hidden=\"true\" class=\"e-font-icon-svg e-far-clock\" viewBox=\"0 0 512 512\" xmlns=\"http:\/\/www.w3.org\/2000\/svg\"><path d=\"M256 8C119 8 8 119 8 256s111 248 248 248 248-111 248-248S393 8 256 8zm0 448c-110.5 0-200-89.5-200-200S145.5 56 256 56s200 89.5 200 200-89.5 200-200 200zm61.8-104.4l-84.9-61.7c-3.1-2.3-4.9-5.9-4.9-9.7V116c0-6.6 5.4-12 12-12h32c6.6 0 12 5.4 12 12v141.7l66.8 48.6c5.4 3.9 6.5 11.4 2.6 16.8L334.6 349c-3.9 5.3-11.4 6.5-16.8 2.6z\"><\/path><\/svg><\/div><div class=\"twae-arrow-line\" ><\/div><div class=\"twae-content\"  data-aos=\"none\"><div class=\"twae-labels \" data-aos=\"none\"><div class=\"twae-label-big\">2004<\/div><\/div><div class=\"twae-title\">Erweiterung in Middelburg<\/div><div class=\"twae-media full\"><a class=\"wplightbox\" href=\"https:\/\/herder.nl\/wp-content\/uploads\/2025\/12\/2004-Expansion.bmp\"><img loading=\"lazy\" decoding=\"async\" width=\"1206\" height=\"1304\" src=\"https:\/\/herder.nl\/wp-content\/uploads\/2025\/12\/2004-Expansion.bmp\" class=\"attachment-full size-full\" alt=\"\" srcset=\"https:\/\/herder.nl\/wp-content\/uploads\/2025\/12\/2004-Expansion.bmp 1206w, https:\/\/herder.nl\/wp-content\/uploads\/2025\/12\/2004-Expansion-277x300.jpg 277w, https:\/\/herder.nl\/wp-content\/uploads\/2025\/12\/2004-Expansion-947x1024.jpg 947w\" sizes=\"(max-width: 1206px) 100vw, 1206px\" \/><\/a><\/div><div class=\"twae-description\"><p>Im Jahr 2004 wurde der Produktionsstandort in Middelburg um 3.350 m\u00b2 erweitert. In diesem Zeitraum wurden wichtige technologische Verbesserungen eingef\u00fchrt, darunter:<\/p><ul><li>Joystick-Steuerung<\/li><li>st\u00e4rkere Ausleger<\/li><li>Hydraulikleistung bis zu 350 bar<\/li><\/ul><\/div><\/div><\/div><div id=\"twae-e3b02e3\" class=\"twae-story elementor-repeater-item-e3b02e3 twae-repeater-item twae-story-right twae-story-icon\"><div class=\"twae-icon\"><svg aria-hidden=\"true\" class=\"e-font-icon-svg e-far-clock\" viewBox=\"0 0 512 512\" xmlns=\"http:\/\/www.w3.org\/2000\/svg\"><path d=\"M256 8C119 8 8 119 8 256s111 248 248 248 248-111 248-248S393 8 256 8zm0 448c-110.5 0-200-89.5-200-200S145.5 56 256 56s200 89.5 200 200-89.5 200-200 200zm61.8-104.4l-84.9-61.7c-3.1-2.3-4.9-5.9-4.9-9.7V116c0-6.6 5.4-12 12-12h32c6.6 0 12 5.4 12 12v141.7l66.8 48.6c5.4 3.9 6.5 11.4 2.6 16.8L334.6 349c-3.9 5.3-11.4 6.5-16.8 2.6z\"><\/path><\/svg><\/div><div class=\"twae-arrow-line\" ><\/div><div class=\"twae-content\"  data-aos=\"none\"><div class=\"twae-labels \" data-aos=\"none\"><div class=\"twae-label-big\">2007<\/div><\/div><div class=\"twae-title\">\u00dcbergang zu Herder B.V.<\/div><div class=\"twae-media full\"><a class=\"wplightbox\" href=\"https:\/\/herder.nl\/wp-content\/uploads\/2025\/11\/2007-Transition.jpg\"><img loading=\"lazy\" decoding=\"async\" width=\"900\" height=\"661\" src=\"https:\/\/herder.nl\/wp-content\/uploads\/2025\/11\/2007-Transition.jpg\" class=\"attachment-full size-full\" alt=\"\" srcset=\"https:\/\/herder.nl\/wp-content\/uploads\/2025\/11\/2007-Transition.jpg 900w, https:\/\/herder.nl\/wp-content\/uploads\/2025\/11\/2007-Transition-300x220.jpg 300w\" sizes=\"(max-width: 900px) 100vw, 900px\" \/><\/a><\/div><div class=\"twae-description\"><p>Im Jahr 2007 verabschiedete sich Herder offiziell von Ko den Herder, ein Jahr sp\u00e4ter, 2008, folgte Ab den Herder. Damit endete die familiengef\u00fchrte Phase, und das Unternehmen setzte seine Entwicklung als Herder B.V. fort, mit dem Fokus auf weitere internationale Professionalisierung.<\/p><\/div><\/div><\/div><div id=\"twae-6a54f15\" class=\"twae-story elementor-repeater-item-6a54f15 twae-repeater-item twae-story-left twae-story-icon\"><div class=\"twae-icon\"><svg aria-hidden=\"true\" class=\"e-font-icon-svg e-far-clock\" viewBox=\"0 0 512 512\" xmlns=\"http:\/\/www.w3.org\/2000\/svg\"><path d=\"M256 8C119 8 8 119 8 256s111 248 248 248 248-111 248-248S393 8 256 8zm0 448c-110.5 0-200-89.5-200-200S145.5 56 256 56s200 89.5 200 200-89.5 200-200 200zm61.8-104.4l-84.9-61.7c-3.1-2.3-4.9-5.9-4.9-9.7V116c0-6.6 5.4-12 12-12h32c6.6 0 12 5.4 12 12v141.7l66.8 48.6c5.4 3.9 6.5 11.4 2.6 16.8L334.6 349c-3.9 5.3-11.4 6.5-16.8 2.6z\"><\/path><\/svg><\/div><div class=\"twae-arrow-line\" ><\/div><div class=\"twae-content\"  data-aos=\"none\"><div class=\"twae-labels \" data-aos=\"none\"><div class=\"twae-label-big\">2011<\/div><\/div><div class=\"twae-title\">Erweiterung der Produktpalette<\/div><div class=\"twae-media full\"><a class=\"wplightbox\" href=\"https:\/\/herder.nl\/wp-content\/uploads\/2025\/11\/2011-Fermex.jpg\"><img loading=\"lazy\" decoding=\"async\" width=\"900\" height=\"600\" src=\"https:\/\/herder.nl\/wp-content\/uploads\/2025\/11\/2011-Fermex.jpg\" class=\"attachment-full size-full\" alt=\"\" srcset=\"https:\/\/herder.nl\/wp-content\/uploads\/2025\/11\/2011-Fermex.jpg 900w, https:\/\/herder.nl\/wp-content\/uploads\/2025\/11\/2011-Fermex-300x200.jpg 300w, https:\/\/herder.nl\/wp-content\/uploads\/2025\/11\/2011-Fermex-720x480.jpg 720w\" sizes=\"(max-width: 900px) 100vw, 900px\" \/><\/a><\/div><div class=\"twae-description\"><p>Im Jahr 2011 erweiterte Herder sein Produktportfolio weiter um Stubbenfr\u00e4sen.<\/p><\/div><\/div><\/div><div id=\"twae-b94b775\" class=\"twae-story elementor-repeater-item-b94b775 twae-repeater-item twae-story-right twae-story-icon\"><div class=\"twae-icon\"><svg aria-hidden=\"true\" class=\"e-font-icon-svg e-far-clock\" viewBox=\"0 0 512 512\" xmlns=\"http:\/\/www.w3.org\/2000\/svg\"><path d=\"M256 8C119 8 8 119 8 256s111 248 248 248 248-111 248-248S393 8 256 8zm0 448c-110.5 0-200-89.5-200-200S145.5 56 256 56s200 89.5 200 200-89.5 200-200 200zm61.8-104.4l-84.9-61.7c-3.1-2.3-4.9-5.9-4.9-9.7V116c0-6.6 5.4-12 12-12h32c6.6 0 12 5.4 12 12v141.7l66.8 48.6c5.4 3.9 6.5 11.4 2.6 16.8L334.6 349c-3.9 5.3-11.4 6.5-16.8 2.6z\"><\/path><\/svg><\/div><div class=\"twae-arrow-line\" ><\/div><div class=\"twae-content\"  data-aos=\"none\"><div class=\"twae-labels \" data-aos=\"none\"><div class=\"twae-label-big\">2017<\/div><\/div><div class=\"twae-title\">Einf\u00fchrung des Herder One<\/div><div class=\"twae-media full\"><a class=\"wplightbox\" href=\"https:\/\/herder.nl\/wp-content\/uploads\/2025\/11\/2017-Herder-One-zonnig-35.jpg\"><img loading=\"lazy\" decoding=\"async\" width=\"900\" height=\"600\" src=\"https:\/\/herder.nl\/wp-content\/uploads\/2025\/11\/2017-Herder-One-zonnig-35.jpg\" class=\"attachment-full size-full\" alt=\"\" srcset=\"https:\/\/herder.nl\/wp-content\/uploads\/2025\/11\/2017-Herder-One-zonnig-35.jpg 900w, https:\/\/herder.nl\/wp-content\/uploads\/2025\/11\/2017-Herder-One-zonnig-35-300x200.jpg 300w, https:\/\/herder.nl\/wp-content\/uploads\/2025\/11\/2017-Herder-One-zonnig-35-720x480.jpg 720w\" sizes=\"(max-width: 900px) 100vw, 900px\" \/><\/a><\/div><div class=\"twae-description\"><p>Im Jahr 2017 wird der Herder One auf den Markt gebracht: ein v\u00f6llig neues Konzept, bei dem Arm und Fahrzeug als eine integrierte Maschine konzipiert sind. Die wichtigsten Prinzipien sind:<\/p><ul><li>Sicherheit<\/li><li>Ergonomie<\/li><li>Wirtschaftlichkeit<\/li><li>Service aus einer Hand<\/li><\/ul><p>Der Herder One wurde als Komplettl\u00f6sung f\u00fcr die professionelle Rand- und Grabenpflege entwickelt.<\/p><\/div><\/div><\/div><div id=\"twae-9fd7e11\" class=\"twae-story elementor-repeater-item-9fd7e11 twae-repeater-item twae-story-left twae-story-icon\"><div class=\"twae-icon\"><svg aria-hidden=\"true\" class=\"e-font-icon-svg e-far-clock\" viewBox=\"0 0 512 512\" xmlns=\"http:\/\/www.w3.org\/2000\/svg\"><path d=\"M256 8C119 8 8 119 8 256s111 248 248 248 248-111 248-248S393 8 256 8zm0 448c-110.5 0-200-89.5-200-200S145.5 56 256 56s200 89.5 200 200-89.5 200-200 200zm61.8-104.4l-84.9-61.7c-3.1-2.3-4.9-5.9-4.9-9.7V116c0-6.6 5.4-12 12-12h32c6.6 0 12 5.4 12 12v141.7l66.8 48.6c5.4 3.9 6.5 11.4 2.6 16.8L334.6 349c-3.9 5.3-11.4 6.5-16.8 2.6z\"><\/path><\/svg><\/div><div class=\"twae-arrow-line\" ><\/div><div class=\"twae-content\"  data-aos=\"none\"><div class=\"twae-labels \" data-aos=\"none\"><div class=\"twae-label-big\">2018<\/div><\/div><div class=\"twae-title\">Globaler Marktf\u00fchrer (seit 2018)<\/div><div class=\"twae-media full\"><a class=\"wplightbox\" href=\"https:\/\/herder.nl\/wp-content\/uploads\/2025\/12\/Herder-All-over-the-World-Indonesie.jpg\"><img loading=\"lazy\" decoding=\"async\" width=\"2592\" height=\"1944\" src=\"https:\/\/herder.nl\/wp-content\/uploads\/2025\/12\/Herder-All-over-the-World-Indonesie.jpg\" class=\"attachment-full size-full\" alt=\"\" srcset=\"https:\/\/herder.nl\/wp-content\/uploads\/2025\/12\/Herder-All-over-the-World-Indonesie.jpg 2592w, https:\/\/herder.nl\/wp-content\/uploads\/2025\/12\/Herder-All-over-the-World-Indonesie-300x225.jpg 300w, https:\/\/herder.nl\/wp-content\/uploads\/2025\/12\/Herder-All-over-the-World-Indonesie-1024x768.jpg 1024w, https:\/\/herder.nl\/wp-content\/uploads\/2025\/12\/Herder-All-over-the-World-Indonesie-1536x1152.jpg 1536w, https:\/\/herder.nl\/wp-content\/uploads\/2025\/12\/Herder-All-over-the-World-Indonesie-2048x1536.jpg 2048w\" sizes=\"(max-width: 2592px) 100vw, 2592px\" \/><\/a><\/div><div class=\"twae-description\"><p>Mit einem breiten Portfolio an Auslegem\u00e4hern, M\u00e4hk\u00f6rben, Anbauger\u00e4ten und Stubbenfr\u00e4sen werden Herder-Maschinen in \u00fcber 30 L\u00e4ndern eingesetzt. Dank kontinuierlicher Innovation, bew\u00e4hrter Zuverl\u00e4ssigkeit und langlebiger Technik ist Herder weltweit als Spezialist und Marktf\u00fchrer f\u00fcr Bankett-, Graben- und Vegetationspflege anerkannt.<\/p><\/div><\/div><\/div><div id=\"twae-77ae805\" class=\"twae-story elementor-repeater-item-77ae805 twae-repeater-item twae-story-right twae-story-icon\"><div class=\"twae-icon\"><svg aria-hidden=\"true\" class=\"e-font-icon-svg e-far-clock\" viewBox=\"0 0 512 512\" xmlns=\"http:\/\/www.w3.org\/2000\/svg\"><path d=\"M256 8C119 8 8 119 8 256s111 248 248 248 248-111 248-248S393 8 256 8zm0 448c-110.5 0-200-89.5-200-200S145.5 56 256 56s200 89.5 200 200-89.5 200-200 200zm61.8-104.4l-84.9-61.7c-3.1-2.3-4.9-5.9-4.9-9.7V116c0-6.6 5.4-12 12-12h32c6.6 0 12 5.4 12 12v141.7l66.8 48.6c5.4 3.9 6.5 11.4 2.6 16.8L334.6 349c-3.9 5.3-11.4 6.5-16.8 2.6z\"><\/path><\/svg><\/div><div class=\"twae-arrow-line\" ><\/div><div class=\"twae-content\"  data-aos=\"none\"><div class=\"twae-labels \" data-aos=\"none\"><div class=\"twae-label-big\">2018<\/div><\/div><div class=\"twae-title\">LKW-Auslegerkombination<\/div><div class=\"twae-media full\"><a class=\"wplightbox\" href=\"https:\/\/herder.nl\/wp-content\/uploads\/2025\/12\/2018-Bretrack.jpg\"><img loading=\"lazy\" decoding=\"async\" width=\"900\" height=\"600\" src=\"https:\/\/herder.nl\/wp-content\/uploads\/2025\/12\/2018-Bretrack.jpg\" class=\"attachment-full size-full\" alt=\"2018 Bretrack\" srcset=\"https:\/\/herder.nl\/wp-content\/uploads\/2025\/12\/2018-Bretrack.jpg 900w, https:\/\/herder.nl\/wp-content\/uploads\/2025\/12\/2018-Bretrack-300x200.jpg 300w, https:\/\/herder.nl\/wp-content\/uploads\/2025\/12\/2018-Bretrack-720x480.jpg 720w\" sizes=\"(max-width: 900px) 100vw, 900px\" \/><\/a><\/div><div class=\"twae-description\"><p>Markteinf\u00fchrung einer LKW-Auslegerkombination f\u00fcr gro\u00dfe Reichweite und effiziente Pflege von B\u00f6schungen und Uferbereichen direkt von der Stra\u00dfe aus.<\/p><\/div><\/div><\/div><div id=\"twae-2d3e993\" class=\"twae-story elementor-repeater-item-2d3e993 twae-repeater-item twae-story-left twae-story-icon\"><div class=\"twae-icon\"><svg aria-hidden=\"true\" class=\"e-font-icon-svg e-far-clock\" viewBox=\"0 0 512 512\" xmlns=\"http:\/\/www.w3.org\/2000\/svg\"><path d=\"M256 8C119 8 8 119 8 256s111 248 248 248 248-111 248-248S393 8 256 8zm0 448c-110.5 0-200-89.5-200-200S145.5 56 256 56s200 89.5 200 200-89.5 200-200 200zm61.8-104.4l-84.9-61.7c-3.1-2.3-4.9-5.9-4.9-9.7V116c0-6.6 5.4-12 12-12h32c6.6 0 12 5.4 12 12v141.7l66.8 48.6c5.4 3.9 6.5 11.4 2.6 16.8L334.6 349c-3.9 5.3-11.4 6.5-16.8 2.6z\"><\/path><\/svg><\/div><div class=\"twae-arrow-line\" ><\/div><div class=\"twae-content\"  data-aos=\"none\"><div class=\"twae-labels \" data-aos=\"none\"><div class=\"twae-label-big\">2022<\/div><\/div><div class=\"twae-title\">Ecochopper-Patent<\/div><div class=\"twae-media full\"><a class=\"wplightbox\" href=\"https:\/\/herder.nl\/wp-content\/uploads\/2025\/12\/Ecochopper.jpg\"><img loading=\"lazy\" decoding=\"async\" width=\"1050\" height=\"700\" src=\"https:\/\/herder.nl\/wp-content\/uploads\/2025\/12\/Ecochopper.jpg\" class=\"attachment-full size-full\" alt=\"\" srcset=\"https:\/\/herder.nl\/wp-content\/uploads\/2025\/12\/Ecochopper.jpg 1050w, https:\/\/herder.nl\/wp-content\/uploads\/2025\/12\/Ecochopper-300x200.jpg 300w, https:\/\/herder.nl\/wp-content\/uploads\/2025\/12\/Ecochopper-1024x683.jpg 1024w, https:\/\/herder.nl\/wp-content\/uploads\/2025\/12\/Ecochopper-720x480.jpg 720w\" sizes=\"(max-width: 1050px) 100vw, 1050px\" \/><\/a><\/div><div class=\"twae-description\"><p>Patent erteilt f\u00fcr den Ecochopper, eine nachhaltige M\u00e4h-L\u00f6sung zum Schutz der Artenvielfalt beim M\u00e4hen.<\/p><\/div><\/div><\/div><div id=\"twae-548fcfb\" class=\"twae-story elementor-repeater-item-548fcfb twae-repeater-item twae-story-right twae-story-icon\"><div class=\"twae-icon\"><svg aria-hidden=\"true\" class=\"e-font-icon-svg e-far-clock\" viewBox=\"0 0 512 512\" xmlns=\"http:\/\/www.w3.org\/2000\/svg\"><path d=\"M256 8C119 8 8 119 8 256s111 248 248 248 248-111 248-248S393 8 256 8zm0 448c-110.5 0-200-89.5-200-200S145.5 56 256 56s200 89.5 200 200-89.5 200-200 200zm61.8-104.4l-84.9-61.7c-3.1-2.3-4.9-5.9-4.9-9.7V116c0-6.6 5.4-12 12-12h32c6.6 0 12 5.4 12 12v141.7l66.8 48.6c5.4 3.9 6.5 11.4 2.6 16.8L334.6 349c-3.9 5.3-11.4 6.5-16.8 2.6z\"><\/path><\/svg><\/div><div class=\"twae-arrow-line\" ><\/div><div class=\"twae-content\"  data-aos=\"none\"><div class=\"twae-labels \" data-aos=\"none\"><div class=\"twae-label-big\">2025<\/div><\/div><div class=\"twae-title\">Groenkeur-Zertifizierungen<\/div><div class=\"twae-media full\"><a class=\"wplightbox\" href=\"https:\/\/herder.nl\/wp-content\/uploads\/2025\/12\/2025-Ecochopper-GroenKeur.jpg\"><img loading=\"lazy\" decoding=\"async\" width=\"900\" height=\"600\" src=\"https:\/\/herder.nl\/wp-content\/uploads\/2025\/12\/2025-Ecochopper-GroenKeur.jpg\" class=\"attachment-full size-full\" alt=\"2025 Ecochopper GroenKeur\" srcset=\"https:\/\/herder.nl\/wp-content\/uploads\/2025\/12\/2025-Ecochopper-GroenKeur.jpg 900w, https:\/\/herder.nl\/wp-content\/uploads\/2025\/12\/2025-Ecochopper-GroenKeur-300x200.jpg 300w, https:\/\/herder.nl\/wp-content\/uploads\/2025\/12\/2025-Ecochopper-GroenKeur-720x480.jpg 720w\" sizes=\"(max-width: 900px) 100vw, 900px\" \/><\/a><\/div><div class=\"twae-description\"><p>Herder erh\u00e4lt das Groenkeur Nachhaltigkeitssiegel f\u00fcr zwei M\u00e4her (Ecochopper \/ \u00d6kologischer M\u00e4her) und zeichnet sie als nachhaltige M\u00e4h-L\u00f6sungen f\u00fcr Endverbraucher aus.<\/p><\/div><\/div><\/div><\/div>\r\n<div class=\"twae-end\"><\/div>   \r\n<\/div>\t\t\t\t<\/div>\n\t\t\t\t<\/div>\n\t\t\t\t\t<\/div>\n\t\t\t\t<\/div>\n\t\t\t\t<\/div>\n\t\t","protected":false},"excerpt":{"rendered":"<p>Geschichte von Herder (1947 \u2013 heute) 1947Die Urspr\u00fcnge Die Geschichte von Herder beginnt 1947, als Jo den Herder einen Spritzwagen f\u00fcr den Pflanzenanbau entwickelt. Zusammen mit seinem Bruder Piet gr\u00fcndet [&hellip;]<\/p>\n","protected":false},"author":1,"featured_media":0,"parent":0,"menu_order":0,"comment_status":"closed","ping_status":"closed","template":"","meta":{"_acf_changed":false,"_mo_disable_npp":"","footnotes":""},"class_list":["post-257284","page","type-page","status-publish","hentry"],"acf":[],"yoast_head":"<!-- This site is optimized with the Yoast SEO plugin v27.4 - https:\/\/yoast.com\/product\/yoast-seo-wordpress\/ -->\r\n<title>Herder Erbe - Herder Machines<\/title>\r\n<meta name=\"robots\" content=\"index, follow, max-snippet:-1, max-image-preview:large, max-video-preview:-1\" \/>\r\n<link rel=\"canonical\" href=\"https:\/\/herder.nl\/de\/herder-erbe\/\" \/>\r\n<meta property=\"og:locale\" content=\"de_DE\" \/>\r\n<meta property=\"og:type\" content=\"article\" \/>\r\n<meta property=\"og:title\" content=\"Herder Erbe - Herder Machines\" \/>\r\n<meta property=\"og:description\" content=\"Geschichte von Herder (1947 \u2013 heute) 1947Die Urspr\u00fcnge Die Geschichte von Herder beginnt 1947, als Jo den Herder einen Spritzwagen f\u00fcr den Pflanzenanbau entwickelt. Zusammen mit seinem Bruder Piet gr\u00fcndet [&hellip;]\" \/>\r\n<meta property=\"og:url\" content=\"https:\/\/herder.nl\/de\/herder-erbe\/\" \/>\r\n<meta property=\"og:site_name\" content=\"Herder Machines\" \/>\r\n<meta property=\"article:modified_time\" content=\"2026-02-27T18:59:21+00:00\" \/>\r\n<meta property=\"og:image\" content=\"http:\/\/herder.nl\/wp-content\/uploads\/2025\/09\/herder-logo-white.png\" \/>\r\n<meta name=\"twitter:card\" content=\"summary_large_image\" \/>\r\n<meta name=\"twitter:label1\" content=\"Gesch\u00e4tzte Lesezeit\" \/>\n\t<meta name=\"twitter:data1\" content=\"7\u00a0Minuten\" \/>\r\n<script type=\"application\/ld+json\" class=\"yoast-schema-graph\">{\"@context\":\"https:\\\/\\\/schema.org\",\"@graph\":[{\"@type\":\"WebPage\",\"@id\":\"https:\\\/\\\/herder.nl\\\/de\\\/herder-erbe\\\/\",\"url\":\"https:\\\/\\\/herder.nl\\\/de\\\/herder-erbe\\\/\",\"name\":\"Herder Erbe - Herder Machines\",\"isPartOf\":{\"@id\":\"https:\\\/\\\/herder.nl\\\/de\\\/#website\"},\"primaryImageOfPage\":{\"@id\":\"https:\\\/\\\/herder.nl\\\/de\\\/herder-erbe\\\/#primaryimage\"},\"image\":{\"@id\":\"https:\\\/\\\/herder.nl\\\/de\\\/herder-erbe\\\/#primaryimage\"},\"thumbnailUrl\":\"http:\\\/\\\/herder.nl\\\/wp-content\\\/uploads\\\/2025\\\/09\\\/herder-logo-white.png\",\"datePublished\":\"2025-12-11T21:15:16+00:00\",\"dateModified\":\"2026-02-27T18:59:21+00:00\",\"breadcrumb\":{\"@id\":\"https:\\\/\\\/herder.nl\\\/de\\\/herder-erbe\\\/#breadcrumb\"},\"inLanguage\":\"de\",\"potentialAction\":[{\"@type\":\"ReadAction\",\"target\":[\"https:\\\/\\\/herder.nl\\\/de\\\/herder-erbe\\\/\"]}]},{\"@type\":\"ImageObject\",\"inLanguage\":\"de\",\"@id\":\"https:\\\/\\\/herder.nl\\\/de\\\/herder-erbe\\\/#primaryimage\",\"url\":\"http:\\\/\\\/herder.nl\\\/wp-content\\\/uploads\\\/2025\\\/09\\\/herder-logo-white.png\",\"contentUrl\":\"http:\\\/\\\/herder.nl\\\/wp-content\\\/uploads\\\/2025\\\/09\\\/herder-logo-white.png\"},{\"@type\":\"BreadcrumbList\",\"@id\":\"https:\\\/\\\/herder.nl\\\/de\\\/herder-erbe\\\/#breadcrumb\",\"itemListElement\":[{\"@type\":\"ListItem\",\"position\":1,\"name\":\"Home\",\"item\":\"https:\\\/\\\/herder.nl\\\/de\\\/\"},{\"@type\":\"ListItem\",\"position\":2,\"name\":\"Herder Erbe\"}]},{\"@type\":\"WebSite\",\"@id\":\"https:\\\/\\\/herder.nl\\\/de\\\/#website\",\"url\":\"https:\\\/\\\/herder.nl\\\/de\\\/\",\"name\":\"Herder Machines\",\"description\":\"Machines voor sloot-, berm- en vegetatiebeheer\",\"publisher\":{\"@id\":\"https:\\\/\\\/herder.nl\\\/de\\\/#organization\"},\"potentialAction\":[{\"@type\":\"SearchAction\",\"target\":{\"@type\":\"EntryPoint\",\"urlTemplate\":\"https:\\\/\\\/herder.nl\\\/de\\\/?s={search_term_string}\"},\"query-input\":{\"@type\":\"PropertyValueSpecification\",\"valueRequired\":true,\"valueName\":\"search_term_string\"}}],\"inLanguage\":\"de\"},{\"@type\":\"Organization\",\"@id\":\"https:\\\/\\\/herder.nl\\\/de\\\/#organization\",\"name\":\"NEWBE Limited\",\"url\":\"https:\\\/\\\/herder.nl\\\/de\\\/\",\"logo\":{\"@type\":\"ImageObject\",\"inLanguage\":\"de\",\"@id\":\"https:\\\/\\\/herder.nl\\\/de\\\/#\\\/schema\\\/logo\\\/image\\\/\",\"url\":\"http:\\\/\\\/herder.nl\\\/wp-content\\\/uploads\\\/2017\\\/08\\\/creative-design-company-worcestershire-uk.svg\",\"contentUrl\":\"http:\\\/\\\/herder.nl\\\/wp-content\\\/uploads\\\/2017\\\/08\\\/creative-design-company-worcestershire-uk.svg\",\"width\":220669,\"height\":75135,\"caption\":\"NEWBE Limited\"},\"image\":{\"@id\":\"https:\\\/\\\/herder.nl\\\/de\\\/#\\\/schema\\\/logo\\\/image\\\/\"},\"sameAs\":[\"https:\\\/\\\/www.youtube.com\\\/channel\\\/UCuVvx-kgyFrugl6RjmI2iRw\"]}]}<\/script>\r\n<!-- \/ Yoast SEO plugin. -->","yoast_head_json":{"title":"Herder Erbe - Herder Machines","robots":{"index":"index","follow":"follow","max-snippet":"max-snippet:-1","max-image-preview":"max-image-preview:large","max-video-preview":"max-video-preview:-1"},"canonical":"https:\/\/herder.nl\/de\/herder-erbe\/","og_locale":"de_DE","og_type":"article","og_title":"Herder Erbe - Herder Machines","og_description":"Geschichte von Herder (1947 \u2013 heute) 1947Die Urspr\u00fcnge Die Geschichte von Herder beginnt 1947, als Jo den Herder einen Spritzwagen f\u00fcr den Pflanzenanbau entwickelt. Zusammen mit seinem Bruder Piet gr\u00fcndet [&hellip;]","og_url":"https:\/\/herder.nl\/de\/herder-erbe\/","og_site_name":"Herder Machines","article_modified_time":"2026-02-27T18:59:21+00:00","og_image":[{"url":"http:\/\/herder.nl\/wp-content\/uploads\/2025\/09\/herder-logo-white.png","type":"","width":"","height":""}],"twitter_card":"summary_large_image","twitter_misc":{"Gesch\u00e4tzte Lesezeit":"7\u00a0Minuten"},"schema":{"@context":"https:\/\/schema.org","@graph":[{"@type":"WebPage","@id":"https:\/\/herder.nl\/de\/herder-erbe\/","url":"https:\/\/herder.nl\/de\/herder-erbe\/","name":"Herder Erbe - Herder Machines","isPartOf":{"@id":"https:\/\/herder.nl\/de\/#website"},"primaryImageOfPage":{"@id":"https:\/\/herder.nl\/de\/herder-erbe\/#primaryimage"},"image":{"@id":"https:\/\/herder.nl\/de\/herder-erbe\/#primaryimage"},"thumbnailUrl":"http:\/\/herder.nl\/wp-content\/uploads\/2025\/09\/herder-logo-white.png","datePublished":"2025-12-11T21:15:16+00:00","dateModified":"2026-02-27T18:59:21+00:00","breadcrumb":{"@id":"https:\/\/herder.nl\/de\/herder-erbe\/#breadcrumb"},"inLanguage":"de","potentialAction":[{"@type":"ReadAction","target":["https:\/\/herder.nl\/de\/herder-erbe\/"]}]},{"@type":"ImageObject","inLanguage":"de","@id":"https:\/\/herder.nl\/de\/herder-erbe\/#primaryimage","url":"http:\/\/herder.nl\/wp-content\/uploads\/2025\/09\/herder-logo-white.png","contentUrl":"http:\/\/herder.nl\/wp-content\/uploads\/2025\/09\/herder-logo-white.png"},{"@type":"BreadcrumbList","@id":"https:\/\/herder.nl\/de\/herder-erbe\/#breadcrumb","itemListElement":[{"@type":"ListItem","position":1,"name":"Home","item":"https:\/\/herder.nl\/de\/"},{"@type":"ListItem","position":2,"name":"Herder Erbe"}]},{"@type":"WebSite","@id":"https:\/\/herder.nl\/de\/#website","url":"https:\/\/herder.nl\/de\/","name":"Herder Machines","description":"Machines voor sloot-, berm- en vegetatiebeheer","publisher":{"@id":"https:\/\/herder.nl\/de\/#organization"},"potentialAction":[{"@type":"SearchAction","target":{"@type":"EntryPoint","urlTemplate":"https:\/\/herder.nl\/de\/?s={search_term_string}"},"query-input":{"@type":"PropertyValueSpecification","valueRequired":true,"valueName":"search_term_string"}}],"inLanguage":"de"},{"@type":"Organization","@id":"https:\/\/herder.nl\/de\/#organization","name":"NEWBE Limited","url":"https:\/\/herder.nl\/de\/","logo":{"@type":"ImageObject","inLanguage":"de","@id":"https:\/\/herder.nl\/de\/#\/schema\/logo\/image\/","url":"http:\/\/herder.nl\/wp-content\/uploads\/2017\/08\/creative-design-company-worcestershire-uk.svg","contentUrl":"http:\/\/herder.nl\/wp-content\/uploads\/2017\/08\/creative-design-company-worcestershire-uk.svg","width":220669,"height":75135,"caption":"NEWBE Limited"},"image":{"@id":"https:\/\/herder.nl\/de\/#\/schema\/logo\/image\/"},"sameAs":["https:\/\/www.youtube.com\/channel\/UCuVvx-kgyFrugl6RjmI2iRw"]}]}},"_links":{"self":[{"href":"https:\/\/herder.nl\/de\/wp-json\/wp\/v2\/pages\/257284","targetHints":{"allow":["GET"]}}],"collection":[{"href":"https:\/\/herder.nl\/de\/wp-json\/wp\/v2\/pages"}],"about":[{"href":"https:\/\/herder.nl\/de\/wp-json\/wp\/v2\/types\/page"}],"author":[{"embeddable":true,"href":"https:\/\/herder.nl\/de\/wp-json\/wp\/v2\/users\/1"}],"replies":[{"embeddable":true,"href":"https:\/\/herder.nl\/de\/wp-json\/wp\/v2\/comments?post=257284"}],"version-history":[{"count":13,"href":"https:\/\/herder.nl\/de\/wp-json\/wp\/v2\/pages\/257284\/revisions"}],"predecessor-version":[{"id":261598,"href":"https:\/\/herder.nl\/de\/wp-json\/wp\/v2\/pages\/257284\/revisions\/261598"}],"wp:attachment":[{"href":"https:\/\/herder.nl\/de\/wp-json\/wp\/v2\/media?parent=257284"}],"curies":[{"name":"wp","href":"https:\/\/api.w.org\/{rel}","templated":true}]}}